{"id":5,"date":"2019-11-15T08:49:52","date_gmt":"2019-11-15T08:49:52","guid":{"rendered":"http:\/\/www.bleucommelalune.ch\/wordpress\/?page_id=5"},"modified":"2026-05-17T04:24:48","modified_gmt":"2026-05-17T02:24:48","slug":"presentation","status":"publish","type":"page","link":"https:\/\/www.bleucommelalune.ch\/wordpress\/?page_id=5","title":{"rendered":"Pr\u00e9sentation"},"content":{"rendered":"\n<p class=\"wp-block-paragraph\">Le plaisir de chanter ensemble, l\u2019enthousiasme, la fusion des voix et le r\u00e9pertoire vari\u00e9 sont certainement les termes d\u00e9finissant le mieux \u00ab Bleu comme la lune \u00bb.<\/p>\n\n\n\n<p class=\"wp-block-paragraph\">Son r\u00e9pertoire, a cappella, va de la Renaissance \u00e0 nos jours, avec des pi\u00e8ces classiques sacr\u00e9es et profanes, en passant par des gospels, des extraits de com\u00e9dies musicales ainsi que des chants traditionnels d&rsquo;ici et d&rsquo;ailleurs.<\/p>\n\n\n\n<p class=\"wp-block-paragraph\">L&rsquo;ensemble travaille et adapte son r\u00e9pertoire en fonction de ses coups de c\u0153ur et des diff\u00e9rents engagements. \u00ab Bleu comme la lune \u00bb a aussi au r\u00e9pertoire quelques pi\u00e8ces demandant un accompagnement instrumental et se fait une joie de chanter avec un pianiste ou une petite formation instrumentale.<\/p>\n\n\n\n<p class=\"wp-block-paragraph\">Repr\u00e9sentation pass\u00e9es :<\/p>\n\n\n\n<p class=\"wp-block-paragraph\"><strong>2026<\/strong><\/p>\n\n\n\n<p class=\"wp-block-paragraph\">Dimanche 22 mars 2026, 17h au temple de Cornaux (NE).<\/p>\n\n\n\n<p class=\"wp-block-paragraph\"><mark>Spectacle musical \u00ab\u00a0Bleu d\u00e9raille\u00a0\u00bb<\/mark><\/p>\n\n\n\n<p class=\"wp-block-paragraph\">Samedi 18 avril 2026,\u00a020h \u00e0 la Grange Delux au Locle<\/p>\n\n\n\n<p class=\"wp-block-paragraph\">Dimanche 19 avril 2026, 17h\u00a0 \u00e0 la Grange Delux au Locle<\/p>\n\n\n\n<p class=\"wp-block-paragraph\">Vendredi 24 avril 2026<strong>, \u00a0<\/strong>20h au Th\u00e9\u00e2tre de la Poudri\u00e8re \u00e0 Neuch\u00e2tel<\/p>\n\n\n\n<p class=\"wp-block-paragraph\">Samedi 25 avril 2026, 20h au Th\u00e9\u00e2tre de la Poudri\u00e8re \u00e0 Neuch\u00e2tel<\/p>\n\n\n\n<p class=\"wp-block-paragraph\">Dimanche 26 avril 2026, 17h au Th\u00e9\u00e2tre de la Poudri\u00e8re \u00e0 Neuch\u00e2tel<\/p>\n\n\n\n<p class=\"wp-block-paragraph\"><strong>2025<\/strong><\/p>\n\n\n\n<p class=\"wp-block-paragraph\">Samedi 15 mars, 20h, Temple de Bevaix&nbsp;:&nbsp;Concert de Bleu comme la lune<\/p>\n\n\n\n<p class=\"wp-block-paragraph\">Dimanche 16 mars, 17h, Temple de Dombresson&nbsp;: Concert de Bleu comme la lune<\/p>\n\n\n\n<p class=\"wp-block-paragraph\">Samedi 29 mars, 18h, <a href=\"https:\/\/maps.app.goo.gl\/YGxwYsCQ6AmCktza8\" target=\"_blank\" rel=\"noreferrer noopener nofollow\">Temple de Cornaux<\/a> : concert organis\u00e9 par la <a href=\"https:\/\/sdcornaux.ch\/\" target=\"_blank\" rel=\"noreferrer noopener\">Soci\u00e9t\u00e9 de D\u00e9veloppement de Cornaux<\/a><\/p>\n\n\n\n<p class=\"wp-block-paragraph\">Dimanche 4 mai, 11h30, Savagnier, salle de la Corbi\u00e8re: Concert ap\u00e9ro lors de la vente de paroisse<\/p>\n\n\n\n<p class=\"wp-block-paragraph\">Samedi 7 juin 2025, participation au festival Festi Musiques de Moudon<\/p>\n\n\n\n<p class=\"wp-block-paragraph\">15, 16 Novembre et 14 d\u00e9cembre 2025 au cin\u00e9ma de Couvet&nbsp;: <strong>Jonathan Livingston le Go\u00e9land, <\/strong>bande-son du film assur\u00e9e en direct par l\u2019harmonie de M\u00f4tiers, dirig\u00e9e par Enrico Zapparrata et avec les voix de Bleu comme la lune.<\/p>\n\n\n\n<p class=\"wp-block-paragraph\"><strong>2024<\/strong><\/p>\n\n\n\n<p class=\"wp-block-paragraph\">Samedi 3 f\u00e9vrier, concert au temple de Couvet, 20h, <\/p>\n\n\n\n<p class=\"wp-block-paragraph\">Dimanche 4 f\u00e9vrier, concert au temple de Bevaix, 17h<\/p>\n\n\n\n<p class=\"wp-block-paragraph\">Mardi 28 Mai, concert priv\u00e9 \u00e0 Savagnier (NE)<\/p>\n\n\n\n<p class=\"wp-block-paragraph\">Samedi 21 d\u00e9cembre 2024, 19h, Eglise Catholique St-Maurice, Le Landeron&nbsp;: Concert de No\u00ebl partag\u00e9 avec l\u2019ensemble vocal Le Madrigal, Le Coup de Joran (enfants) et la C\u00e9cilienne (fanfare du Landeron)<\/p>\n\n\n\n<figure class=\"wp-block-gallery has-nested-images columns-default is-cropped wp-block-gallery-1 is-layout-flex wp-block-gallery-is-layout-flex\"><\/figure>\n\n\n\n<p class=\"wp-block-paragraph\"><strong>2023<\/strong><\/p>\n\n\n\n<p class=\"wp-block-paragraph\">Samedi 14 janvier, Marin : restaurant de la T\u00e8ne, repas en musique dans le cadre du <a href=\"https:\/\/www.socmus.ch\/14-01-2023\">petit nouvel an<\/a> de la soci\u00e9t\u00e9 de musique de Neuch\u00e2tel <\/p>\n\n\n\n<p class=\"wp-block-paragraph\">Dimanche 19 f\u00e9vrier : concert priv\u00e9, La vue des Alpes<\/p>\n\n\n\n<p class=\"wp-block-paragraph\">Samedi 29 et Dimanche 30 avril,  \u00e0 Pontarlier (FR), Espace culturel Ren\u00e9 Pourny : participation au concert pour le dixi\u00e8me anniversaire du choeur Ars Nova avec Carmina Burana&nbsp;de Carl Orff.<\/p>\n\n\n\n<p class=\"wp-block-paragraph\">Samedi 17 juin, 20h concert au temple de Dombresson (avec nos nouveaux costumes !)<\/p>\n\n\n\n<p class=\"wp-block-paragraph\">Dimanche 18 juin, 18h concert au temple de Peseux<\/p>\n\n\n\n<p class=\"wp-block-paragraph\">Jeudi 31 Ao\u00fbt \u00e0 Bevaix: concert priv\u00e9<\/p>\n\n\n\n<p class=\"wp-block-paragraph\">Samedi 16 d\u00e9cembre \u00e0 Marin : Cabaret de No\u00ebl (concert priv\u00e9)<\/p>\n\n\n\n<p class=\"wp-block-paragraph\"><strong>2022<\/strong><\/p>\n\n\n\n<p class=\"wp-block-paragraph\">Dimanche 4 d\u00e9cembre, Dombresson : au temple: concert \u00ab\u00a0\u00e0 petits pas vers no\u00ebl\u00a0\u00bb<\/p>\n\n\n\n<p class=\"wp-block-paragraph\">[Samedi 3 d\u00e9cembre, Peseux : concert \u00ab\u00a0\u00e0 petits pas vers no\u00ebl\u00a0\u00bb (concert annul\u00e9)]<\/p>\n\n\n\n<p class=\"wp-block-paragraph\">Dimanche 27 novembre, Le Landeron \u00e0 l&rsquo;\u00e9glise Saint-Maurice, participation au 50e anniversaire du Madrigal<\/p>\n\n\n\n<p class=\"wp-block-paragraph\">Samedi 28 mai 2022, participation au festival Bourdon de Dombresson<\/p>\n\n\n\n<p class=\"wp-block-paragraph\">Jeudi 26 et vendredi 27 mai, Gossau: <span style=\"color: initial;\">participation au Festival suisse de chant<\/span> <a href=\"http:\/\/www.sgf22.ch\" data-type=\"URL\" data-id=\"www.sgf22.ch\">www.sgf22.ch<\/a><\/p>\n\n\n\n<p class=\"wp-block-paragraph\">Samedi 7 mai, coll\u00e8ge St. Michel de Fribourg :<strong> <\/strong>participation au <a rel=\"noreferrer noopener\" href=\"https:\/\/chant-libre.ch\/\" target=\"_blank\">festival chant libre<\/a>.<\/p>\n\n\n\n<p class=\"wp-block-paragraph\">Samedi 26 mars&nbsp;2022, 16h45: concert \u00e0 la Biblioth\u00e8que&nbsp;de Marin<\/p>\n\n\n\n<p class=\"wp-block-paragraph\">Sam. 29 janvier, Doubs (France) : concert partag\u00e9 avec l\u2019harmonie Zikadoo<\/p>\n\n\n\n<p class=\"wp-block-paragraph\">Dimanche 6 mars, Chapelle aux concerts de Couvet: Concert partag\u00e9 avec le ch\u0153ur d\u2019hommes Echo de la montagne des Ponts-de-Martel<\/p>\n\n\n\n<p class=\"wp-block-paragraph\"><strong>2019<\/strong> <\/p>\n\n\n\n<p class=\"wp-block-paragraph\">&#8211; Dim. 20 Janvier : concert priv\u00e9 (Neuch\u00e2tel)<br>&#8211; Dim. 17 Mars, la Neuveville, Sam.&nbsp;30 Mars, Couvet, Dim. 31 Mars, Peseux, Dim. 28 Avril, temple allemand, la Chaux de Fonds :Pi\u00e8ce&nbsp;pour choeur&nbsp;et guitare \u00ab\u00a0Romancero Gitano\u00a0\u00bb de Mario Castelnuovo-Tedesco, avec Andr\u00e9 Fischer<br>&#8211; Dim. 16 juin, 17 h , \u00e9glise de Censeau (Jura, FR), paticipation au festival Festi&rsquo;R\u00eave<br>&#8211; Dim. 10 novembre, 17h \u00e0 l&rsquo;\u00e9glise de Font (FR), concert organis\u00e9 par la commission culturelle de la paroisse Saint-Laurent (Estavayer) &#8211; Jeu. 21 novembre, 20h au Temple de Dombresson (NE) -&gt;concert partag\u00e9 avec le ch\u0153ur d\u2019hommes de Dombresson, dir. Corinne Fischer &#8211; Dim. 1er d\u00e9cembre, 17h30 \u00e0 l&rsquo;\u00e9glise de Oye-et-Pallet (Doubs, FR)<\/p>\n\n\n\n<p class=\"wp-block-paragraph\">-&gt;concert en commun avec l&rsquo;ensemble vocal \u00ab\u00a0dix de choeur\u00a0\u00bb, dir. Christine Parnet<\/p>\n\n\n\n<p class=\"wp-block-paragraph\">&#8211; Jeu. 12 d\u00e9cembre, 19h \u00e0 l&rsquo;\u00e9glise catholique romaine du Locle (NE)<br>-&gt;concert caritatif de Bleu comme la lune organis\u00e9 par le club Soroptimist du Locle<\/p>\n\n\n\n<p class=\"wp-block-paragraph\"><strong>2018<\/strong><\/p>\n\n\n\n<p class=\"wp-block-paragraph\"><strong>Concert \u00e0 trois temps, avec le Magnificat de Steve Muriset<\/strong><br>&#8211; Ven. 19 Janvier 20h30, Temple de la Maladi\u00e8re, Neuch\u00e2tel<br>&#8211; Sam. 20 Janvier 20h30, Eglise Saint-Etienne, Belfaux (FR)<br>&#8211; Mer. 7 F\u00e9vrier 19h30, Eglise fran\u00e7aise de Berne<\/p>\n\n\n\n<p class=\"wp-block-paragraph\">&#8211; 15 Avril 17h00, concernt \u00e0 la coll\u00e9giale de Valangin<\/p>\n\n\n\n<p class=\"wp-block-paragraph\">&#8211; 19 Mai (18h20), sc\u00e8ne ouverte Espacit\u00e9, participation \u00e0 choeurs en ville, la Chaux-de-Fond<\/p>\n\n\n\n<p class=\"wp-block-paragraph\">&#8211; Sam. 22 Septembre, 20h00 : temple de Couvet (NE) et<\/p>\n\n\n\n<p class=\"wp-block-paragraph\">&#8211; Dim. 23 Septembre, 17h00 : temple de Peseux (NE), concerts en commun avec l&rsquo;ensemble vocal romain \u00ab\u00a0I dodecafonici\u00a0\u00bb et le \u00ab\u00a0coro viva voce di Donnas\u00a0\u00bb (AO, IT)<\/p>\n\n\n\n<p class=\"wp-block-paragraph\">&#8211; Dim. 4 Novembre, 17h 30 : \u00c9glise de Champagnole (Jura, France)<\/p>\n\n\n\n<p class=\"wp-block-paragraph\">&#8211; Week-end des 10\/11 Novembre: Les Geneveys-sur-Coffrane (NE),<br>Participation au Weekend choral de la Soci\u00e9t\u00e9 Cantonale des Chanteurs Neuch\u00e2telois: aide pour les ateliers<br>Et&nbsp;le dimanche 11 Novembre, 17h : concert final (2e partie) dans l&rsquo;\u00e9glise des Geneveys-sur-Coffrane.<\/p>\n\n\n\n<p class=\"wp-block-paragraph\"><strong><em>2017 :<\/em><\/strong><\/p>\n\n\n\n<p class=\"wp-block-paragraph\">&#8211; Samedi 28 octobre, 17h, <strong>concert priv\u00e9.<\/strong><\/p>\n\n\n\n<div class=\"wp-block-group\"><div class=\"wp-block-group__inner-container is-layout-flow wp-block-group-is-layout-flow\">\n<p class=\"wp-block-paragraph\"><strong>Concert \u00e0 trois temps, avec le Magnificat de Steve Muriset<br><\/strong>aux dates suivantes :<\/p>\n\n\n\n<p class=\"wp-block-paragraph\">&#8211; Jeudi 9 novembre, 20h30, \u00e9glise catholique de St Blaise (r\u00e9p\u00e9tition g\u00e9n\u00e9rale publique)<\/p>\n\n\n\n<p class=\"wp-block-paragraph\">&#8211; Dim. 12 Novembre 17h00, Temple Saint-Jean, La Chaux-de-Fonds<\/p>\n\n\n\n<p class=\"wp-block-paragraph\">&#8211; Sam. 25 Novembre 20h00, Eglise de la Giettaz (France),<\/p>\n\n\n\n<p class=\"wp-block-paragraph\">&#8211; Ven. 8 D\u00e9cembre 20h00, Temple de M\u00f4tiers<\/p>\n<\/div><\/div>\n\n\n\n<p class=\"wp-block-paragraph\"><strong>2016<\/strong><\/p>\n\n\n\n<p class=\"wp-block-paragraph\">&#8211; S<strong>amedi 17 d\u00e9cembre<\/strong>, participation au <em>cabaret des personnes isol\u00e9es<\/em>, Marin (NE), soir\u00e9e priv\u00e9e<\/p>\n\n\n\n<p class=\"wp-block-paragraph\">&#8211; <strong>Dimanche 13 novembre<\/strong>, salle des pasteurs, Neuch\u00e2tel (3, rue des pasteurs), 17:00<\/p>\n\n\n\n<p class=\"wp-block-paragraph\"><strong>&#8211; Samedi 22 octobre, Donnas (Valle d&rsquo;Aosta, IT),<\/strong><\/p>\n\n\n\n<p class=\"wp-block-paragraph\"><strong>&#8211; Dimanche 4 septembre<\/strong>, festival Offenbach, Saint-Saphorin (VD), 16:00<\/p>\n\n\n\n<p class=\"wp-block-paragraph\">&#8211; <strong>Vendredi 22 juillet 17h30<\/strong>, participation au <a href=\"http:\/\/www.giettenchoeurs-festival.com\/\" target=\"_blank\" rel=\"noreferrer noopener\">Giett&rsquo; en choeur festival<\/a>, la Giettaz, FR<\/p>\n\n\n\n<p class=\"wp-block-paragraph\">&#8211;<strong> Samedi 23 avril<\/strong>, Chapelle de Couvet (NE), 20:00<\/p>\n\n\n\n<p class=\"wp-block-paragraph\"><strong>2015<\/strong><\/p>\n\n\n\n<p class=\"wp-block-paragraph\">&#8211; <strong>Samedi 24 Janvier,<\/strong> 20h00<br>La Br\u00e9vine (NE), Temple.<br><br>&#8211; <strong>Dimanche 15 F\u00e9vrier<\/strong> 17h00&nbsp;<br>Valangin (NE), Coll\u00e9giale<\/p>\n\n\n\n<p class=\"wp-block-paragraph\"><strong>&#8211; Vendredi 20 F\u00e9vrier<br><\/strong>concert \u00e0 l\u2019Aubier de Montezillon (NE)<\/p>\n\n\n\n<p class=\"wp-block-paragraph\"><strong>&#8211; Dimanche 2 Avril, Temple de Saint-Aubin (NE) 17h<br><\/strong>Participation au concert de soutien en faveur<br>de la restrauration de l&rsquo;orgue du Temple de St-Aubin.<\/p>\n\n\n\n<p class=\"wp-block-paragraph\"><strong>&#8211; Samedi 12 Septembre, Salle de Musique de la Chaux-de-Fond (NE) 10h<br><\/strong>Participation au concert d&rsquo;innauguration de la salle de musique apr\u00e8s r\u00e9novation.<\/p>\n\n\n\n<p class=\"wp-block-paragraph\"><strong>&#8211; Samedi 31 Octobre, Vaumarcus (NE),20h<\/strong><br>Concert pour les 100 ans du camp.<\/p>\n\n\n\n<p class=\"wp-block-paragraph\"><strong>2014<\/strong> &#8211; <strong>Dimanche 27 Avril<\/strong>, \u00e0 16:00,&nbsp; th\u00e9\u00e2tre de la Poudri\u00e8re, Neuch\u00e2tel<br>Festival organis\u00e9 par le vroupe vocal <em><strong><a href=\"http:\/\/5auxmoulins.com\/\" target=\"_blank\" rel=\"noreferrer noopener\">\u00ab\u00a0Les 5 aux Moulins\u00a0\u00bb<\/a><\/strong><\/em><\/p>\n\n\n\n<p class=\"wp-block-paragraph\">&#8211; <strong>Lundi 12 Mai<\/strong>, \u00e0 20:00, Le Lundi des Mots, Neuch\u00e2tel<br>Page internet de l&rsquo;association: <em><strong><a href=\"http:\/\/www.leslundisdesmots.ch\/\" target=\"_blank\" rel=\"noreferrer noopener\">\u00ab\u00a0Les lundis des mots\u00a0\u00bb<\/a><\/strong><\/em><\/p>\n\n\n\n<p class=\"wp-block-paragraph\">&#8211; <strong>Dimanche 8 Juin<\/strong>, 27 Avril, Festival des musiques populaires de Moudon (VD)<br>Page du festival:<em><strong><a href=\"http:\/\/www.festival-moudon.ch\/2014\/\" target=\"_blank\" rel=\"noreferrer noopener\">\u00ab\u00a0Festival de Moudon 2014\u00a0\u00bb<\/a><\/strong><\/em><\/p>\n\n\n\n<p class=\"wp-block-paragraph\"><strong>&#8211; 16 ao\u00fbt :<\/strong> concert priv\u00e9<\/p>\n\n\n\n<p class=\"wp-block-paragraph\"><strong>&#8211; 22 ao\u00fbt :<\/strong> interventions musicales au vernissage de l&rsquo;exposition Destin@tion,<br>17h00-20h00, D\u00e9p\u00f4t des vieux trains, Le locle<\/p>\n\n\n\n<p class=\"wp-block-paragraph\"><strong>&#8211; 13 septembre :<\/strong> 11h00-12h30 : Kiosque \u00e0 musiques, \u00e9mission en direct de la RSR la 1\u00e8re, Bienne<\/p>\n\n\n\n<p class=\"wp-block-paragraph\"><strong>&#8211; 24 septembre :<\/strong> concert priv\u00e9<\/p>\n\n\n\n<p class=\"wp-block-paragraph\"><strong>&#8211; 11 octobre :<\/strong> soir\u00e9e annuelle de la Soci\u00e9t\u00e9 de Tir de Faoug (Vully)<\/p>\n\n\n\n<p class=\"wp-block-paragraph\"><strong>&#8211; 22 novembre :<\/strong> concert, Eglise de la Giettaz, France, Savoie<\/p>\n\n\n\n<p class=\"wp-block-paragraph\">&#8211;<strong> \u00e0 partir du 30 d\u00e9cembre : (puis 31dec, 2,3,9,10,11 Jan. 2015)<em><br>Salle des f\u00eate de Couvet (Val de Travers, NE)<\/em><\/strong><br>participation \u00e0 l&rsquo;op\u00e9rette<br><em>\u00ab\u00a0Le homard \u00e0 l&rsquo;am\u00e9ricaine\u00a0\u00bb<br><\/em>cr\u00e9ation et direction Steve Muriset<a href=\"http:\/\/www.lehomard.ch\/\" target=\"_blank\" rel=\"noreferrer noopener\">http:\/\/www.lehomard.ch<\/a><\/p>\n\n\n\n<p class=\"wp-block-paragraph\"><strong>2013<\/strong><\/p>\n\n\n\n<p class=\"wp-block-paragraph\"><strong><em>-Samedi 7 D\u00e9cembre 2013 <\/em><\/strong>\u00e0 <strong><em>21h40,<\/em><\/strong> Espace Perrier, Marin-Epagnier (NE)<br>Participation au grand <a href=\"http:\/\/www.telethon.ch\/index.php?id=87&amp;id_event=2509&amp;L=\" target=\"_blank\" rel=\"noreferrer noopener\">gala musical<\/a> en faveur du T\u00e9l\u00e9thon avec 12 chorales de la r\u00e9gion. (\u00e0 partir de 15h)<\/p>\n\n\n\n<p class=\"wp-block-paragraph\">&#8211; Samedi 23 Novembre 2013 \u00e0 20:00, temple, Saint-Blaise (NE)<br>&#8211; Dimanche&nbsp;24 Novembre 2013 \u00e0 17:00, temple St. Jean, la Chaux-de-Fonds(NE)<em><br>Concerts partag\u00e9s avec l&rsquo;ensemble vocal Romain <a href=\"http:\/\/www.dodecafonici.it\" target=\"_blank\" rel=\"noreferrer noopener\">\u00ab\u00a0I dodecafonici\u00a0\u00bb<\/a><\/em><\/p>\n\n\n\n<p class=\"wp-block-paragraph\">&#8211; Samedi 18 Mai 2013 11h-12h30, Radio RTS la premi\u00e8re,<br>participation \u00e0 l&rsquo;\u00e9mission \u00ab\u00a0le Kiosque \u00e0 Musique\u00a0\u00bb en direct de La Chaux-du-Milieu (NE):<\/p>\n\n\n\n<p class=\"wp-block-paragraph\">&#8211; Dimanche 5 Mai 2013 \u00e0 16:00, partitcipation \u00e0 JE T\u00c8NE ! 2013 \u00e0 Marin (NE)<br><br>&#8211; Samedi 23 Mars 2013 \u00e0 20:00, Constantine (Caveau), pr\u00e8s de Vully (VD)<br><strong><em>Concerts partag\u00e9 avec l&rsquo;ensemble vocal \u00ab\u00a0Vully en Choeur\u00a0\u00bb<\/em><\/strong><br>&#8211;&nbsp;Samedi 9 f\u00e9vrier 2013 \u00e0 20:00, temple de St-Blaise<br>&#8211; Dimanche 10 f\u00e9vrier 2013 \u00e0 17:00, temple St. Jean, la Chaux-de-Fonds<strong><em><br>Concerts partag\u00e9 avec le quintet vocal<\/em><\/strong> <strong><em>neuch\u00e2telois \u00ab\u00a0<a href=\"http:\/\/www.5auxmoulins.com\" target=\"_blank\" rel=\"noreferrer noopener\">5 aux Moulins\u00a0\u00bb<\/a><\/em><\/strong><\/p>\n\n\n\n<p class=\"wp-block-paragraph\"><strong>2012<\/strong><\/p>\n\n\n\n<p class=\"wp-block-paragraph\">&#8211; Samedi 27 Octobre 2012 &#8211;&nbsp; Pontarlier&nbsp;(Doubs \/ France)<br><strong><em>Concert partag\u00e9 avec la chorale \u00ab\u00a0la Campanelle\u00a0\u00bb de Pontarlier<\/em><\/strong><\/p>\n\n\n\n<p class=\"wp-block-paragraph\">&#8211; Dimanche 30 Septembre 2012 &#8211; M\u00e9gevette (Hte-Savoie \/ France) <strong><em><a href=\"http:\/\/megevette-festival.com\/\" target=\"_blank\" rel=\"noreferrer noopener\">Festival de chant choral,<\/a><\/em><\/strong><\/p>\n\n\n\n<p class=\"wp-block-paragraph\">&#8211; Samedi 1er Sept. 2012, Le Kiosque \u00e0 Musique (RTS la Premi\u00e8re). &#8211; Dimanche 12\/08\/2012 &#8211; M\u00f4tiers, Val de Travers (NE \/ CH) &#8211; <strong><em><a href=\"http:\/\/www.horstribu.ch\" target=\"_blank\" rel=\"noreferrer noopener\">Festival Hors-Tribu<\/a><\/em><\/strong><\/p>\n\n\n\n<p class=\"wp-block-paragraph\"><strong>&#8211;<\/strong> Dimanche 25 mars 2012, Marin (NE) : concert sur invitation de l&rsquo;ensemble \u00ab Les Cordes Sensibles\u00bb<br><br>&#8211;&nbsp;Samedi 31 Mars 2012,19h00 Basilica Santa Prasede<br>&#8211; Dimanche 1 Avril 2012 19h00, \u00e9glise Sant&rsquo; Elena, Rome (IT): concert sur invitation de l&rsquo;ensemble vocal <a href=\"http:\/\/www.dodecafonici.it\" target=\"_blank\" rel=\"noreferrer noopener\">\u00ab\u00a0<\/a><a href=\"http:\/\/www.dodecafonici.it\" target=\"_blank\" rel=\"noreferrer noopener\">I Dodecafonici<\/a><a href=\"http:\/\/www.dodecafonici.it\" target=\"_blank\" rel=\"noreferrer noopener\">\u00ab\u00a0<\/a><\/p>\n\n\n\n<p class=\"wp-block-paragraph\">&#8211; Samedi 12 Mai 2012 :<br>concert sur invitation de la chorale \u00ab\u00a0Les hors la voix\u00a0\u00bb, Pontarlier (FR)<\/p>\n\n\n\n<p class=\"wp-block-paragraph\">&#8211; Dimanche 27 Mai 2012 18h00, Auditoriuem du palais des sports, Meg\u00e8ve (FR) :<br><a href=\"http:\/\/megeve.com\/ete\/mont-blanc\/alpes\/haute-savoie\/france\/evenement-animation\/concert-les-voix-de-l-orchestre-d-harmonie-\" target=\"_blank\" rel=\"noreferrer noopener\">concert sur invitation du choeur \u00ab\u00a0Les voix de l&rsquo;orchestre d&rsquo;harmonie de Meg\u00e8ve<\/a><\/p>\n\n\n\n<p class=\"wp-block-paragraph\"><strong>2011<\/strong><\/p>\n\n\n\n<p class=\"wp-block-paragraph\">-Vendredi 15 Janvier, 20h30 : Eglise de la Giettaz (Savoie, France)<\/p>\n\n\n\n<p class=\"wp-block-paragraph\">-Samedi 16 Janvier, 20h30 : Auditorium de la m\u00e9diath\u00e8que du palais des sports et des congr\u00e8s, Meg\u00e8ve (Haute-Savoie, France)<\/p>\n\n\n\n<p class=\"wp-block-paragraph\">-Concert en mai 2011 \u00e0 la T\u00e8ne, dans le cadre du festival \u00ab je T\u00e8ne \u00bb-<\/p>\n\n\n\n<p class=\"wp-block-paragraph\">&#8211; 16 Septembre 2011 \u00e0 21:30 concert \u00e0 la Maison du Concert \u00e0 Neuchatel<\/p>\n\n\n\n<p class=\"wp-block-paragraph\">&#8211; 17 Septembre 2011 \u00e0 18:30 concert \u00e0 la Maison du Concert \u00e0 Neuchatel<\/p>\n\n\n\n<p class=\"wp-block-paragraph\">&#8211; Vendredi 30 Sept et samedi 1er Octobre 2011<\/p>\n\n\n\n<p class=\"wp-block-paragraph\">Participation au premier festival-rencontre de choeur de chambre amateur : EUROCANTUSBOURG 2011, Bourg en Bresse, France. Site internet<\/p>\n\n\n\n<p class=\"wp-block-paragraph\"><strong>&#8211; S\u00e9rie de concerts de Noel,<br>\u00ab\u00a0Navidad Nuestra\u00a0\u00bb de Ariel Ramirez et autres surprises du temps de no\u00ebl.<\/strong><\/p>\n\n\n\n<p class=\"wp-block-paragraph\">&#8211; Samedi 3 d\u00e9cembre&nbsp; (Chapelle de Couvet, 20h00)<br>&#8211; Dimanche 4 d\u00e9cembre&nbsp; (Eglise de Font (FR), 17h00)<br>&#8211; Samedi 10 d\u00e9cembre&nbsp; (Temple de Saint-Blaise, 20h00)<br>&#8211; Dimanche 11 d\u00e9cembre&nbsp; (Temple Saint-Jean \u00e0 la Chaux-de-Fonds, 17h00<\/p>\n\n\n\n<p class=\"wp-block-paragraph\"><strong>2010<\/strong><\/p>\n\n\n\n<p class=\"wp-block-paragraph\">Participation au concert \u00ab\u00a0Le jour \u00e9toil\u00e9\u00a0\u00bb de Steve Muriset \u00e0 Neuch\u00e2tel en f\u00e9vrier.<\/p>\n\n\n\n<p class=\"wp-block-paragraph\">Participation au concert annuel du choeur mixte de la Ferri\u00e8re en Mars.<\/p>\n\n\n\n<p class=\"wp-block-paragraph\">Concert partag\u00e9 avec les Petits Loups de l\u2019Harmonie de M\u00f4tiers.<\/p>\n\n\n\n<p class=\"wp-block-paragraph\"><strong>2009<\/strong><\/p>\n\n\n\n<p class=\"wp-block-paragraph\">2009 a \u00e9t\u00e9 une ann\u00e9e tr\u00e8s riche en aventures musicales. Tout d\u2019abord en janvier, l\u2019ensemble a organis\u00e9 son propre concert \u00e0 la Chapelle de l\u2019Ermitage \u00e0 Neuch\u00e2tel et s\u2019est \u00e9galement produit dans le cadre d\u2019un concert priv\u00e9 \u00e0 la Chaux-de-Fonds.<\/p>\n\n\n\n<p class=\"wp-block-paragraph\">Puis en mai, l\u2019ensemble \u00e9tait au Temple de L\u2019Abbaye, invit\u00e9 par le Quatuor Akord, dans le cadre des Rencontres Culturelles de la Vall\u00e9e de Joux.<\/p>\n\n\n\n<p class=\"wp-block-paragraph\">\u00ab Bleu comme la lune \u00bb a \u00e9galement anim\u00e9 la Nuit des Mus\u00e9es en chantant dans la grotte des Moulins souterrains du Col des Roches et a eu le plaisir de participer \u00e0 la chaleureuse ambiance de la soir\u00e9e pour les auteurs et illustrateurs de livres pour enfants organis\u00e9e par l\u2019illustratrice Catherine Louis \u00e0 la Ferme du Grand-Cachot-de-Vent (juin2009).<\/p>\n\n\n\n<p class=\"wp-block-paragraph\">En juillet, l\u2019ensemble a eu le privil\u00e8ge d\u2019\u00eatre \u00e0 l\u2019affiche du grand concert d\u2019\u00e9t\u00e9 \u00e0 Sirod, France (\u00e9glise du 12e si\u00e8cle, dot\u00e9e d\u2019une magnifique acoustique) sur l\u2019invitation du pianiste St\u00e9phane Ganard. Il s\u2019est aussi produit au temple du Landeron.<\/p>\n\n\n\n<p class=\"wp-block-paragraph\">Tout derni\u00e8rement, en octobre, nous avons retrouv\u00e9 avec plaisir la Campanelle (Pontarlier) pour assurer une partie du programme de leur soir\u00e9e, ainsi que la partie solistique du Magnificat de Schubert, accompagn\u00e9s par l\u2019orchestre symphonique de Pontarlier.<\/p>\n\n\n\n<p class=\"wp-block-paragraph\">En novembre, nous avons fait un concert dont le b\u00e9n\u00e9fice \u00e9tait en faveur de Foyer Handicap et une prestation dans le cadre d\u2019un souper d\u2019entreprise \u00e0 Lausanne.<\/p>\n\n\n\n<p class=\"wp-block-paragraph\">En d\u00e9cembre, nous avons retrouv\u00e9 la Campanelle \u00e0 Pontarlier pour le traditionnel concert de No\u00ebl des soci\u00e9t\u00e9s musicales de Pontarlier.<\/p>\n\n\n\n<p class=\"wp-block-paragraph\"><strong>2008<\/strong><\/p>\n\n\n\n<p class=\"wp-block-paragraph\">L\u2019ann\u00e9e 2008 nous a permis de participer \u00e0 plusieurs cultes et messes ainsi qu\u2019\u00e0 l\u2019animation de f\u00eates et soir\u00e9es priv\u00e9es. En octobre de cette m\u00eame ann\u00e9e, \u00ab Bleu comme la lune \u00bb a \u00e9t\u00e9 invit\u00e9 par le ch\u0153ur mixte \u00ab La Campanelle \u00bb de Pontarlier pour partager un concert.<\/p>\n\n\n\n<p class=\"wp-block-paragraph\"><strong>2007<\/strong><\/p>\n\n\n\n<p class=\"wp-block-paragraph\">Lors de ses premi\u00e8res prestations publiques, \u00ab Bleu comme la Lune \u00bb s&rsquo;est produit au Temple de Cortaillod ainsi qu\u2019avec la fanfare de Fleurier \u00e0 l&rsquo;occasion d&rsquo;un concert de No\u00ebl<\/p>\n","protected":false},"excerpt":{"rendered":"<p>Le plaisir de chanter ensemble, l\u2019enthousiasme, la fusion des voix et le r\u00e9pertoire vari\u00e9 sont certainement les termes d\u00e9finissant le mieux \u00ab Bleu comme la lune \u00bb. Son r\u00e9pertoire, a cappella, va de la Renaissance \u00e0 nos jours, avec des pi\u00e8ces classiques sacr\u00e9es et profanes, en passant par des gospels,&#8230; <a href=\"https:\/\/www.bleucommelalune.ch\/wordpress\/?page_id=5\" class=\"readmore\">Read more<span class=\"screen-reader-text\">\u00ab\u00a0Pr\u00e9sentation\u00a0\u00bb<\/span><\/a><\/p>\n","protected":false},"author":2,"featured_media":0,"parent":0,"menu_order":0,"comment_status":"closed","ping_status":"closed","template":"","meta":{"footnotes":""},"class_list":["post-5","page","type-page","status-publish","hentry"],"_links":{"self":[{"href":"https:\/\/www.bleucommelalune.ch\/wordpress\/index.php?rest_route=\/wp\/v2\/pages\/5","targetHints":{"allow":["GET"]}}],"collection":[{"href":"https:\/\/www.bleucommelalune.ch\/wordpress\/index.php?rest_route=\/wp\/v2\/pages"}],"about":[{"href":"https:\/\/www.bleucommelalune.ch\/wordpress\/index.php?rest_route=\/wp\/v2\/types\/page"}],"author":[{"embeddable":true,"href":"https:\/\/www.bleucommelalune.ch\/wordpress\/index.php?rest_route=\/wp\/v2\/users\/2"}],"replies":[{"embeddable":true,"href":"https:\/\/www.bleucommelalune.ch\/wordpress\/index.php?rest_route=%2Fwp%2Fv2%2Fcomments&post=5"}],"version-history":[{"count":35,"href":"https:\/\/www.bleucommelalune.ch\/wordpress\/index.php?rest_route=\/wp\/v2\/pages\/5\/revisions"}],"predecessor-version":[{"id":675,"href":"https:\/\/www.bleucommelalune.ch\/wordpress\/index.php?rest_route=\/wp\/v2\/pages\/5\/revisions\/675"}],"wp:attachment":[{"href":"https:\/\/www.bleucommelalune.ch\/wordpress\/index.php?rest_route=%2Fwp%2Fv2%2Fmedia&parent=5"}],"curies":[{"name":"wp","href":"https:\/\/api.w.org\/{rel}","templated":true}]}}